{"id":19356,"date":"2025-12-02T10:07:27","date_gmt":"2025-12-02T13:07:27","guid":{"rendered":"https:\/\/ventana-sur.com\/?page_id=19356"},"modified":"2025-12-02T10:07:27","modified_gmt":"2025-12-02T13:07:27","slug":"newsletter-diario-dia-3","status":"publish","type":"page","link":"https:\/\/ventana-sur.com\/en\/newsletter-diario-dia-3\/","title":{"rendered":"Newsletter Diario. D\u00eda 3"},"content":{"rendered":"<div class=\"wpb-content-wrapper\"><p>[vc_row][vc_column][vc_column_text css=&#8221;&#8221;]<\/p>\n<p style=\"text-align: left;\"><strong>MI\u00c9RCOLES, 3 DE DICIEMBRE | <em>WEDNESDAY, DECEMBER 3<\/em><\/strong><\/p>\n<p>[\/vc_column_text][vc_column_text css=&#8221;&#8221;]<\/p>\n<div class=\"wpb_text_column wpb_content_element\">\n<div class=\"wpb_wrapper\">\n<h6><strong>Para ver la programaci\u00f3n completa haz clic <a href=\"https:\/\/ventana-sur.com\/en\/catalogo-2025\/\" target=\"_blank\" rel=\"noopener\">aqu\u00ed<\/a>. |\u00a0<\/strong><em><strong>For the full program click\u00a0<a href=\"https:\/\/ventana-sur.com\/en\/catalogo-2025\/\" target=\"_blank\" rel=\"noopener\">here<\/a>.<\/strong><\/em><\/h6>\n<\/div>\n<\/div>\n<div class=\"wpb_text_column wpb_content_element\">\n<div class=\"wpb_wrapper\"><\/div>\n<\/div>\n<p>[\/vc_column_text][vc_column_text css=&#8221;&#8221;]<\/p>\n<p style=\"text-align: left;\"><strong>DESTACADOS DEL D\u00cdA 3 | <em>CHECK THE DAY 3 HIGHLIGHTS<\/em><em>!<\/em><\/strong><\/p>\n<p>[\/vc_column_text][vc_column_text css=&#8221;&#8221;]<strong>COPIA FINAL<\/strong><\/p>\n<p>La selecci\u00f3n Copia Final, seis pel\u00edculas,\u00a0 en un proceso m\u00e1s avanzado en su producci\u00f3n est\u00e1n dirigidas a Agentes de venta y distribuci\u00f3n, Festivales Internacionales y tambi\u00e9n a empresas de servicios\u00a0 de producci\u00f3n en etapas de finalizacion de la pel\u00edcula. | <em>The Copia Final selection, consisting of six films in a more advanced stage of production, is aimed at sales and distribution agents, international festivals, and also at production service companies involved in the film\u2019s finalization stages.<br \/>\n<\/em><strong>9:30, 11:30 &#8211; 15:30 y 17:30 h<br \/>\n<\/strong><strong>Piso 6, Cine 1<\/strong>[\/vc_column_text][vc_separator css=&#8221;&#8221;][vc_column_text css=&#8221;&#8221;]<strong>SCREENINGS<\/strong><\/p>\n<p>PARA VER LOS SCREENINGS DE HOY HAZ <a style=\"text-decoration: underline;\" href=\"https:\/\/ventana-sur.com\/wp-content\/uploads\/2025\/11\/12.-Ventana-Sur-2025-SCREENINGS.pdf\" target=\"_blank\" rel=\"noopener\">CLIC AQU\u00cd<\/a> | <em>TO SEE TODAY&#8217;S SCREENINGS <a style=\"text-decoration: underline;\" href=\"https:\/\/ventana-sur.com\/wp-content\/uploads\/2025\/11\/12.-Ventana-Sur-2025-SCREENINGS.pdf\" target=\"_blank\" rel=\"noopener\">CLICK HERE<\/a>!<\/em>[\/vc_column_text][vc_separator css=&#8221;&#8221;][vc_column_text css=&#8221;&#8221;]<strong>VS ANIMATION!<\/strong><\/p>\n<p><strong>VS ANIMATION! PITCHING SESSIONS &#8211; LARGOMETRAJES | <\/strong><strong><em>VS Animation! Pitching Sessions &#8211; Feature Films<\/em><\/strong><strong><em><br \/>\n<\/em><\/strong>Presentaci\u00f3n de 7 largometrajes latinoamericanos en desarrollo o preproducci\u00f3n que buscan socios estrat\u00e9gicos para completar su financiamiento. Los proyectos competir\u00e1n por premios internacionales que impulsar\u00e1n su difusi\u00f3n, alianzas y proyecci\u00f3n en el mercado global. Participan tambi\u00e9n 2 proyectos invitados por ICAA dentro del programa New Spanish Animation. | <em>Presentation of 7 Latin American feature films in development or pre-production seeking strategic partners to complete financing. The projects will compete for international awards to boost their visibility, partnerships, and reach in the global market. Two projects invited by ICAA as part of the New Spanish Animation program are also participating.<br \/>\n<\/em><strong>10:00 h<\/strong><strong><br \/>\n<\/strong><strong>Auditorio 1, 6to piso<\/strong><\/p>\n<p><strong>VS ANIMATION! PITCHING SESSIONS &#8211; SERIES | <em>VS Animation! Pitching Sessions &#8211; Series<\/em><\/strong><strong><br \/>\n<\/strong>Presentaci\u00f3n de 7 series latinoamericanas en desarrollo o preproducci\u00f3n que buscan socios estrat\u00e9gicos para completar su financiamiento. Los proyectos competir\u00e1n por premios internacionales que impulsar\u00e1n su difusi\u00f3n, alianzas y proyecci\u00f3n en el mercado global. | <em>Presentation of 7 Latin American series in development or pre-production seeking strategic partners to complete financing. The projects will compete for international awards to boost their visibility, partnerships, and reach in the global market.<br \/>\n<\/em><strong>12:00 h<br \/>\n<\/strong><strong>Auditorio 1, 6to piso<\/strong><\/p>\n<p><strong>VS ANIMATION! SPECIAL SCREENING: WINNIPEG, EL BARCO DE LA ESPERANZA | <em>VS Animation! Special Screening: Winnipeg, seeds of hope<\/em><br \/>\n<\/strong>Winnipeg, El Barco de la Esperanza llega a VS Animation! con su premiere mundial de mercado, destacando el trabajo conjunto de Argentina, Chile y Espa\u00f1a. | <em>Winnipeg, Seeds of Hope arrives at VS Animation! with its world market premiere, highlighting the joint work of Argentina, Chile and Spain.<br \/>\n<\/em><strong>15:15 h<\/strong><strong><br \/>\n<\/strong><strong>Cine 2, Piso 6<\/strong>[\/vc_column_text][vc_separator css=&#8221;&#8221;][vc_column_text css=&#8221;&#8221;]<strong>VS CORTOS<\/strong><\/p>\n<p><strong>\u00bfC\u00d3MO SACARLE MAYOR PROVECHO A UN MERCADO (DE CORTOS)? | <em>How to get the most out of a short film market?<\/em><\/strong><strong><br \/>\n<\/strong><strong>Panelists: <\/strong>Mireille Tremblay-Caron (Directora de March\u00e9, REGARD), Lidia Damatto (Agente de ventas, More than filmes), Alejandro Gallo (director, Neuronas in memoriam cine) y Nicolas Schmerkin (Productor y Distribuidor, Autor de Minuit)<br \/>\n<strong>14:00 a 16:00 h<br \/>\n<\/strong><strong>AUDITORIO 2<\/strong>[\/vc_column_text][vc_separator css=&#8221;&#8221;][vc_column_text css=&#8221;&#8221;]<strong>VS DOCS<\/strong><\/p>\n<p><strong>DOC NETWORK &#8211; VS DOCS &amp; DOCSP | <\/strong><strong><em>DOC Network &#8211; VS DOCS &amp; DOCSP<\/em><\/strong> Espacio de networking documental | <em>Docs Networking<br \/>\n<\/em><strong>Actividad cerrada| <\/strong><strong><em>Closed activity<br \/>\n<\/em><\/strong><strong>14:30 a 16:00<\/strong> <strong><br \/>\n<\/strong><strong>Ventana Lab!, 5to Piso<\/strong><\/p>\n<p><strong>ENTRE LO REAL Y LA FICCI\u00d3N, EL UNIVERSO DE 27 NOCHES CON DANIEL HENDLER &amp; AGUSTINA LLAMB\u00cd | <\/strong><strong><em>Between Fiction and Reality: Into the Universe of 27 Nights, with Daniel Hendler and Agustina Llamb\u00ed.<\/em><\/strong><strong><br \/>\n<\/strong>El director y actor Daniel Hendler y la productora Agustina Llamb\u00ed conversan sobre el trabajo de adaptaci\u00f3n de su pel\u00edcula, 27 noches, basada en un libro inspirado en hechos reales. Modera la charla el periodista y productor espa\u00f1ol Nacho Carretero. | <em>Director, writer and actor Daniel Hendler and producer Agustina Llamb\u00ed\u00a0 talk about the adaptation of his film, 27 Nights, based on a book inspired by real events. Moderated by spanish\u00a0 journalist and producer Nacho Carretero.<\/em><em><br \/>\n<\/em><strong>18:00 a 19:00 h<br \/>\n<\/strong><strong>AUDITORIO 3, 5\u00ba PISO, SALA 504<\/strong><\/p>\n<p><strong>MASTER CLASS ANDR\u00c9S DI TELLA | <em>MASTER CLASS Andr\u00e9s Di Tella<\/em><\/strong><strong><br \/>\n<\/strong>La forma que piensa: el lenguaje del documental | <em>When form thinks: the documentary language.<br \/>\n<\/em><strong>17:00 a 19:00 h<br \/>\n<\/strong><strong>AUDITORIO 1, 6to Piso<\/strong>[\/vc_column_text][vc_separator css=&#8221;&#8221;][vc_column_text css=&#8221;&#8221;]<strong>VS FANTASTIC!<\/strong><\/p>\n<p><strong>VS FANTASTIC! LAB PITCHS SESSION | <em>VS FANTASTIC! LAB Pitchs session<\/em><br \/>\n<\/strong>Presentaci\u00f3n oficial de los proyectos seleccionados del VS\u2013Fantastic! LAB, donde nuevos talentos del cine fant\u00e1stico latinoamericano presentan sus ideas ante jurados y representantes internacionales en busca de alianzas, desarrollo y coproducci\u00f3n. | <em>Official presentation of the selected projects from the VS\u2013Fantastic! LAB, where new talents in Latin American genre cinema pitch their ideas to international juries and industry representatives seeking partnerships, development, and co-production opportunities.<br \/>\n<\/em><strong>10 a 14 h<\/strong><strong><br \/>\n<\/strong><strong>AUDITORIO 2, 6to Piso (Sala Lucas Demare)<\/strong><\/p>\n<p><strong>DEL GERMEN AL GRITO: CUANDO LA IDEA TOMA FORMA | <em>From seed to scream: When an idea takes shape<\/em><br \/>\n<\/strong><strong>Speakers<\/strong>: Mart\u00edn Florio, Director, Creepy Van; Fernando Gast\u00f3n, Productor, Creepy Van;\u00a0 Ignacio Cucucovcih, Director y Productor, Mother Superior; Roxana Ramos, Productora, Aramos Cine; Angie Gualteros, Productora, FantasoLab.<br \/>\n<strong>Moderator<\/strong>: Sebasti\u00e1n Novacovsky.<br \/>\n<strong>18 a 19 h<br \/>\n<\/strong><strong>AUDITORIO 2\u00a0 6to Piso (Sala Lucas Demare)<\/strong>[\/vc_column_text][vc_separator css=&#8221;&#8221;][vc_column_text css=&#8221;&#8221;]<strong>VS GUIONES<\/strong><\/p>\n<p><strong>SESI\u00d3N DE PITCH P\u00daBLICO | <em>Public Pitch Session<\/em><br \/>\n<\/strong>9 guionistas emergentes con proyectos de largometrajes de ficci\u00f3n\u00a0 de Colombia, Brasil, Uruguay, Argentina, M\u00e9xico, Paraguay y Bolivia + 5 proyectos espa\u00f1oles invitados por el Festival de M\u00e1laga llevan a cabo su sesi\u00f3n de pitching frente a figuras clave de la idustria. | <em>9 emerging screenwriters with feature film projects from Colombia, Brazil, Uruguay, Argentina, Mexico, Paraguay and Bolivia + 5 Spanish projects invited by the Malaga Festival carry out their pitching session in front of key figures in the industry.<br \/>\n<\/em><strong>15:00 a 17:00 h<\/strong><strong><br \/>\n<\/strong><strong>AUDITORIO 3, 5\u00ba PISO, SALA 504<\/strong><\/p>\n<p><strong>ENTRE LO REAL Y LA FICCI\u00d3N, EL UNIVERSO DE 27 NOCHES CON DANIEL HENDLER &amp; AGUSTINA LLAMB\u00cd | <em>Between Fiction and Reality: Into the Universe of 27 Nights, with Daniel Hendler and Agustina Llamb\u00ed.<\/em><br \/>\n<\/strong>El director y actor Daniel Hendler y la productora Agustina Llamb\u00ed conversan sobre el trabajo de adaptaci\u00f3n de su pel\u00edcula, 27 noches, basada en un libro inspirado en hechos reales. Modera la charla el periodista y productor espa\u00f1ol Nacho Carretero. | <em>Director, writer and actor Daniel Hendler and producer Agustina Llamb\u00ed\u00a0 talk about the adaptation of his film, 27 Nights, based on a book inspired by real events. Moderated by spanish\u00a0 journalist and producer Nacho Carretero.<\/em><strong><em><br \/>\n<\/em>18:00 a 19:00 h<br \/>\nAUDITORIO 3, 5\u00ba PISO, SALA 504<\/strong>[\/vc_column_text][vc_separator css=&#8221;&#8221;][vc_column_text css=&#8221;&#8221;]<strong>PROYECTA<\/strong><\/p>\n<p><strong>PROYECTA PITCHING SESSION<br \/>\n<\/strong>PROYECTA presenta doce proyectos en desarrollo de Europa y Am\u00e9rica Latina (primeras o segundas obras) en b\u00fasqueda de coproducci\u00f3n y socios internacionales. | <em>PROYECTA presents twelve projects in development from Europe and Latin America (first or second feature films) looking for coproduction and international partners.<br \/>\n<\/em><strong>11:00 a 13:00 h<br \/>\n<\/strong><strong>Auditorio 3 (quinto piso, sala 504)<\/strong><\/p>\n<p><strong>NETWORKING COCKTAIL VS PROYECTA<br \/>\n<\/strong>Una oportunidad para conocer a los representantes de los proyectos en un ambiente distendido. Evento con invitaci\u00f3n, m\u00e1s informaci\u00f3n a: proyecta@ventana-sur.com. | <em>An opportunity to meet the project representatives in a relaxed setting.<br \/>\n<\/em><strong>Actividad cerrada <\/strong><em><strong>| <\/strong><strong>Closed activity<br \/>\n<\/strong><\/em><strong>19:00 a 21:00 h<br \/>\n<\/strong><strong>AZOTEA.ARS (Av. C\u00f3rdoba 543, 4to Piso)<\/strong><\/p>\n<p><strong>ONE-TO-ONE MEETINGS<br \/>\n<\/strong>Citas personalizadas con los equipos para descubrir en detalle los proyectos. | <em>One-to-one meetings with the teams to discover the projects in detail.<br \/>\n<\/em><strong>16:00 a 18:00 h<br \/>\n<\/strong><strong>Industry Lounge (quinto piso, sala 502)<\/strong>[\/vc_column_text][vc_separator css=&#8221;&#8221;][vc_column_text css=&#8221;&#8221;]<strong>VS SERIES<\/strong><\/p>\n<p><strong>Presentaci\u00f3n especial: El Mercado de contenidos actual LATAM e US HISPANIC |<em> Special keynote: the current content market in Latam and the U.S. Hispanic audience<\/em><br \/>\n<\/strong><strong>Panelists: <\/strong>Sol Clemente Content and Production Manager Fox Entertainment Studios<br \/>\n<strong>Actividad cerrada | <\/strong><strong><em>Closed activity<br \/>\n<\/em><\/strong><strong>16:00 a 17:15 h<br \/>\n<\/strong><strong>ANEXO INDUSTRY LOUNGE\u00a0<\/strong><\/p>\n<p><strong>PRESENTACI\u00d3N ESPECIAL: GLOBO | <em>Special Keynote: GLOBO<\/em><br \/>\n<\/strong><strong>Speaker: <\/strong>Tiago Campany,\u00a0 International Co-productions Executive GLOBO<br \/>\n<strong>Actividad cerrada| <\/strong><strong><em>Closed activity<\/em><\/strong><strong><br \/>\n<\/strong><strong>17:20 a 18:30 h<br \/>\n<\/strong><strong>ANEXO INDUSTRY LOUNGE\u00a0<\/strong>[\/vc_column_text][vc_separator css=&#8221;&#8221;][vc_column_text css=&#8221;&#8221;]<strong>VS TECH<\/strong><\/p>\n<p><strong>VS TECH: LA INDUSTRIA TRADICIONAL EXPLORANDO NARRATIVAS DE ALTO IMPACTO EN FORMATO VERTICAL | <\/strong><strong><em>VS TECH: The traditional industry exploring high-impact narratives in vertical format<br \/>\n<\/em><\/strong><strong>Panelists<\/strong>: Lorena Quevedo\u00a0 Twins Lat\u00edn Film; Loli Miraglia, SDO Entertaiment; Andr\u00e9 Marchezano Creators Ecosystem &amp; Partners Kwai Brasil. <strong>Moderator<\/strong>: Gonzalo Larrea &#8211; Revista C21.<br \/>\n<strong>14:00 a 15:00 h<br \/>\n<\/strong><strong>PLAZA SECA <\/strong><\/p>\n<p><strong>CIENCIA FICCI\u00d3N HECHA EN ARGENTINA: LOS DESAF\u00cdOS TECNOL\u00d3GICOS DETR\u00c1S DE EL ETERNAUTA | <\/strong><strong><em>Science Fiction made in Argentina: the technological challenges behind The Eternaut.<\/em><\/strong> <em><br \/>\n<\/em><strong>Panelists<\/strong>: Leticia Cristi, Productora K&amp;S Films; Mat\u00edas Mosteir\u00edn, Productor K&amp;S Films; Ezequiel Rossi, Supervisi\u00f3n de Posproducci\u00f3n y VFX, K&amp;S Films; Alina Couto, Supervisi\u00f3n de VFX, K&amp;S Films; Paulina Salazar, VFX Manager \/ Netflix.<br \/>\n<strong>Moderator<\/strong>: Juanjo M\u00e9ndez, L\u00edder de Asuntos Globales para Am\u00e9rica del Sur, Netflix.<br \/>\n<strong style=\"font-family: inherit; background-color: transparent;\">15:00 a 16:00<\/strong> <strong style=\"font-family: inherit; background-color: transparent;\">h<br \/>\n<\/strong><strong>PLAZA SECA<\/strong><\/p>\n<p><strong>VS TECH: COMUNIDADES DIGITALES Y CROWFUNDING PARA PRODUCIR CONTENIDO | <\/strong><strong><em>VS TECH: Digital communities and crowdfunding to produce content<br \/>\n<\/em><\/strong><strong>Panelist<\/strong>: Walter Gammarota, CTO de Comunidad Orsai y socio fundador de Orsai Tech.<br \/>\n<strong>Moderator<\/strong>: Arturo Vargas, South by Southwest&#8221;<br \/>\n<strong>16:00 a 17:00 h<br \/>\n<\/strong><strong>PLAZA SECA <\/strong><\/p>\n<p><strong>SCREENING: VS TECH &#8211; 1 era EDICI\u00d3N SCREENING HUMANOS + IA: EN ACCI\u00d3N | <\/strong><strong><em>1st Edition Screening Humans AI: In motion<\/em><\/strong><strong><em><br \/>\n<\/em><\/strong>10 proyectos latinoamericanos donde la creatividad se une con la inteligencia artificial.<br \/>\n\u00bfC\u00f3mo narrar con IA, imagen y sonido? Descubre las nuevas formas de contar historias impulsadas por la inteligencia artificial. | <em>10 Latin American projects where creativity meets artificial intelligence. How do you build narrative, image and sound with AI?<br \/>\n<\/em><strong>14:00 h<br \/>\n<\/strong><strong>CINE 2 <\/strong><\/p>\n<p><strong>Para ver la programaci\u00f3n completa de VS TECH, haz <a style=\"text-decoration: underline;\" href=\"https:\/\/ventana-sur.com\/wp-content\/uploads\/2025\/11\/10.-Ventana-Sur-2025-TECH-1.pdf\" target=\"_blank\" rel=\"noopener\">clic aqu\u00ed<\/a>. | <em>To explore the full VS TECH program, <a style=\"text-decoration: underline;\" href=\"https:\/\/ventana-sur.com\/wp-content\/uploads\/2025\/11\/10.-Ventana-Sur-2025-TECH-1.pdf\" target=\"_blank\" rel=\"noopener\">click here<\/a>.<\/em><\/strong>[\/vc_column_text][vc_separator css=&#8221;&#8221;][vc_column_text css=&#8221;&#8221;]<strong>INDUSTRY<\/strong><\/p>\n<p><strong>ESCRIBIR PARA AUDIENCIAS GLOBALES. UNA CHARLA IMPERDIBLE CON MARCOS CARNEVALE<\/strong> <strong>|<\/strong><strong><em> Writing for global audiences. An unmissable talk with Marcos Carnevale<br \/>\n<\/em><\/strong><strong>16:00 a 17:00 h<\/strong><strong><br \/>\n<\/strong><strong>Auditorium 1, 6to Piso<\/strong><\/p>\n<p><strong>SESI\u00d3N DE PITCHING: FOCO PANAM\u00c1 | <em>Panam\u00e1 Pitching Session<\/em><br \/>\n<\/strong>Presentaci\u00f3n de proyectos paname\u00f1os | <em>Pitch of Panamenian projects.<br \/>\n<\/em><strong>11:30 a 13:00 h<\/strong><strong><br \/>\n<\/strong><strong>Industry Lounge<\/strong><\/p>\n<p><strong>EL PODER DE LA COLABORACI\u00d3N EN LA COPRODUCCI\u00d3N INTERNACIONAL A TRAV\u00c9S DE WAWA | <em>The power of collaboration in international co-production through WAWA \u00a0 <\/em><br \/>\nSpeaker: <\/strong>Cecilia G\u00f3mez de la Torre \u2013 CEO at Ceci G Entertainment and Consulting, Founder of WAWA; Carmen Larios \u2013 International Media Consultant, Content and Production, Director of WAWA; Chaya Miranda \u2013 Director, Screenwriter, and Showrunner specializing in commercialization; Head of Business Relations, BACA Cluster; Mar\u00eda Eugenia Ferrer \u2013 CEO, Tres Mares Production; Board Member of CAPAC and WAWA Ambassador.<strong><br \/>\n16:00 a 17:00 h<br \/>\nAuditorium 2, 6to Piso<\/strong><\/p>\n<p><strong>Para ver la programaci\u00f3n completa de INDUSTRY, haz <a style=\"text-decoration: underline;\" href=\"https:\/\/ventana-sur.com\/wp-content\/uploads\/2025\/11\/11.-Ventana-Sur-2025-CONFERENCIAS-Y-ACTIVIDADES-1.pdf\" target=\"_blank\" rel=\"noopener\">clic aqu\u00ed<\/a>. | <em>To explore the full INDUSTRY program, <a style=\"text-decoration: underline;\" href=\"https:\/\/ventana-sur.com\/wp-content\/uploads\/2025\/11\/11.-Ventana-Sur-2025-CONFERENCIAS-Y-ACTIVIDADES-1.pdf\" target=\"_blank\" rel=\"noopener\">click here<\/a>.<\/em><\/strong>[\/vc_column_text][vc_separator css=&#8221;&#8221;][vc_column_text css=&#8221;&#8221;]<strong>VS TECH<\/strong><\/p>\n<p><strong>PALABRAS DE BIENVENIDA Y BREVE INTRODUCCI\u00d3N DE LA NUEVA SECCI\u00d3N LLAMADA VS TECH \/ <\/strong><strong><em>Welcome and brief introduction to the new section called VS TECH<br \/>\n<\/em><\/strong><strong>Speaker<\/strong>: Marcos Melo, coordinador de esta secci\u00f3n con m\u00e1s de 13 a\u00f1os de experiencia dedicados a guiar a emprendedores y PyMEs en su camino hacia la globalizaci\u00f3n, ha dise\u00f1ado e implementado estrategias innovadoras para maximizar su alcance y efectividad en el \u00e1mbito internacional. | <em>coordinator of this section with over 13 years of experience guiding entrepreneurs and SMEs on their path to globalization, has designed and implemented innovative strategies to maximize their reach and effectiveness internationally.<br \/>\n<\/em><strong>10.30 h<\/strong><strong><br \/>\n<\/strong><strong>AUDITORIO 1<\/strong><\/p>\n<p><strong>NARRATIVA VERTICAL: EL FUTURO DE LAS MICROFICCIONES \/ <\/strong><strong><em>Vertical narrative: the future of microfiction<br \/>\n<\/em><\/strong><strong>Speakers: <\/strong>Andr\u00e9 Marchezano Kwai Brasil Migue Wiernes Angeluk VYCO. <strong>Moderator<\/strong>: Ceci Velazquez Traut Estratega de contenido de Medano Medano Content Strategist<br \/>\n<strong>10.40 h<br \/>\n<\/strong><strong>AUDITORIO 1<\/strong><\/p>\n<p><strong>TALLER DE MICROFICCIONES EN FORMATO VERTICAL \/ Vertical narrative: the future of microfiction<br \/>\n<\/strong><strong>Speakers:<\/strong> Migue Wiernes Angeluk, Mery Varela, Lali Escalante, WE LATAM<br \/>\n<strong>Actividad cerrada| <\/strong><strong><em>Closed activity<br \/>\n<\/em><\/strong><strong>11.00 a 13.00 h<br \/>\n<\/strong><strong>ANEXO industry lounge 5to piso (SALA 502)<\/strong><\/p>\n<p><strong>Para ver la programaci\u00f3n completa de VS TECH, haz<\/strong><a style=\"text-decoration: underline;\" href=\"https:\/\/ventana-sur.com\/wp-content\/uploads\/2025\/11\/10.-Ventana-Sur-2025-TECH-1.pdf\"> <strong>clic aqu\u00ed<\/strong><\/a><strong>. | <\/strong><strong><em>To explore the full VS TECH program,<\/em><\/strong><a style=\"text-decoration: underline;\" href=\"https:\/\/ventana-sur.com\/wp-content\/uploads\/2025\/11\/10.-Ventana-Sur-2025-TECH-1.pdf\"> <strong><em>click here<\/em><\/strong><\/a><strong><em>.<\/em><\/strong>[\/vc_column_text][\/vc_column][\/vc_row]<\/p>\n<\/div>","protected":false},"excerpt":{"rendered":"<p>[vc_row][vc_column][vc_column_text css=&#8221;&#8221;] MI\u00c9RCOLES, 3 DE DICIEMBRE | WEDNESDAY, DECEMBER 3 [\/vc_column_text][vc_column_text css=&#8221;&#8221;] Para ver la programaci\u00f3n completa haz clic aqu\u00ed. |\u00a0For the full program click\u00a0here. [\/vc_column_text][vc_column_text css=&#8221;&#8221;] DESTACADOS DEL D\u00cdA 3 | CHECK THE DAY 3 HIGHLIGHTS! [\/vc_column_text][vc_column_text css=&#8221;&#8221;]COPIA FINAL La selecci\u00f3n Copia Final, seis pel\u00edculas,\u00a0 en un proceso m\u00e1s avanzado en su producci\u00f3n est\u00e1n dirigidas a Agentes de venta y distribuci\u00f3n, Festivales Internacionales y tambi\u00e9n a empresas de servicios\u00a0 de producci\u00f3n en etapas de finalizacion de la pel\u00edcula. | [&hellip;]<\/p>\n","protected":false},"author":13,"featured_media":0,"parent":0,"menu_order":0,"comment_status":"closed","ping_status":"closed","template":"","meta":{"footnotes":""},"class_list":["post-19356","page","type-page","status-publish","hentry"],"yoast_head":"<!-- This site is optimized with the Yoast SEO plugin v27.1.1 - https:\/\/yoast.com\/product\/yoast-seo-wordpress\/ -->\n<title>Newsletter Diario. D\u00eda 3 - Ventana Sur<\/title>\n<meta name=\"robots\" content=\"index, follow, max-snippet:-1, max-image-preview:large, max-video-preview:-1\" \/>\n<link rel=\"canonical\" href=\"https:\/\/ventana-sur.com\/en\/newsletter-diario-dia-3\/\" \/>\n<meta property=\"og:locale\" content=\"en_US\" \/>\n<meta property=\"og:type\" content=\"article\" \/>\n<meta property=\"og:title\" content=\"Newsletter Diario. D\u00eda 3 - Ventana Sur\" \/>\n<meta property=\"og:description\" content=\"[vc_row][vc_column][vc_column_text css=&#8221;&#8221;] MI\u00c9RCOLES, 3 DE DICIEMBRE | WEDNESDAY, DECEMBER 3 [\/vc_column_text][vc_column_text css=&#8221;&#8221;] Para ver la programaci\u00f3n completa haz clic aqu\u00ed. |\u00a0For the full program click\u00a0here. [\/vc_column_text][vc_column_text css=&#8221;&#8221;] DESTACADOS DEL D\u00cdA 3 | CHECK THE DAY 3 HIGHLIGHTS! [\/vc_column_text][vc_column_text css=&#8221;&#8221;]COPIA FINAL La selecci\u00f3n Copia Final, seis pel\u00edculas,\u00a0 en un proceso m\u00e1s avanzado en su producci\u00f3n est\u00e1n dirigidas a Agentes de venta y distribuci\u00f3n, Festivales Internacionales y tambi\u00e9n a empresas de servicios\u00a0 de producci\u00f3n en etapas de finalizacion de la pel\u00edcula. | [&hellip;]\" \/>\n<meta property=\"og:url\" content=\"https:\/\/ventana-sur.com\/en\/newsletter-diario-dia-3\/\" \/>\n<meta property=\"og:site_name\" content=\"Ventana Sur\" \/>\n<meta property=\"article:publisher\" content=\"https:\/\/www.facebook.com\/ventana.sur\" \/>\n<meta property=\"og:image\" content=\"https:\/\/ventana-sur.com\/wp-content\/uploads\/2025\/09\/VS_FINAL_septiembre-.jpg\" \/>\n\t<meta property=\"og:image:width\" content=\"2500\" \/>\n\t<meta property=\"og:image:height\" content=\"1406\" \/>\n\t<meta property=\"og:image:type\" content=\"image\/jpeg\" \/>\n<meta name=\"twitter:card\" content=\"summary_large_image\" \/>\n<meta name=\"twitter:site\" content=\"@ventanasur\" \/>\n<script type=\"application\/ld+json\" class=\"yoast-schema-graph\">{\"@context\":\"https:\/\/schema.org\",\"@graph\":[{\"@type\":\"WebPage\",\"@id\":\"https:\/\/ventana-sur.com\/en\/newsletter-diario-dia-3\/\",\"url\":\"https:\/\/ventana-sur.com\/en\/newsletter-diario-dia-3\/\",\"name\":\"Newsletter Diario. D\u00eda 3 - Ventana Sur\",\"isPartOf\":{\"@id\":\"https:\/\/ventana-sur.com\/#website\"},\"datePublished\":\"2025-12-02T13:07:27+00:00\",\"breadcrumb\":{\"@id\":\"https:\/\/ventana-sur.com\/en\/newsletter-diario-dia-3\/#breadcrumb\"},\"inLanguage\":\"en-US\",\"potentialAction\":[{\"@type\":\"ReadAction\",\"target\":[\"https:\/\/ventana-sur.com\/en\/newsletter-diario-dia-3\/\"]}]},{\"@type\":\"BreadcrumbList\",\"@id\":\"https:\/\/ventana-sur.com\/en\/newsletter-diario-dia-3\/#breadcrumb\",\"itemListElement\":[{\"@type\":\"ListItem\",\"position\":1,\"name\":\"Portada\",\"item\":\"https:\/\/ventana-sur.com\/en\/\"},{\"@type\":\"ListItem\",\"position\":2,\"name\":\"Newsletter Diario. D\u00eda 3\"}]},{\"@type\":\"WebSite\",\"@id\":\"https:\/\/ventana-sur.com\/#website\",\"url\":\"https:\/\/ventana-sur.com\/\",\"name\":\"Ventana Sur\",\"description\":\"Latam Audiovisual Market\",\"publisher\":{\"@id\":\"https:\/\/ventana-sur.com\/#organization\"},\"potentialAction\":[{\"@type\":\"SearchAction\",\"target\":{\"@type\":\"EntryPoint\",\"urlTemplate\":\"https:\/\/ventana-sur.com\/?s={search_term_string}\"},\"query-input\":{\"@type\":\"PropertyValueSpecification\",\"valueRequired\":true,\"valueName\":\"search_term_string\"}}],\"inLanguage\":\"en-US\"},{\"@type\":\"Organization\",\"@id\":\"https:\/\/ventana-sur.com\/#organization\",\"name\":\"Ventana Sur\",\"alternateName\":\"VS\",\"url\":\"https:\/\/ventana-sur.com\/\",\"logo\":{\"@type\":\"ImageObject\",\"inLanguage\":\"en-US\",\"@id\":\"https:\/\/ventana-sur.com\/#\/schema\/logo\/image\/\",\"url\":\"https:\/\/ventana-sur.com\/wp-content\/uploads\/2019\/08\/logo-vs-2019-dark.jpg\",\"contentUrl\":\"https:\/\/ventana-sur.com\/wp-content\/uploads\/2019\/08\/logo-vs-2019-dark.jpg\",\"width\":130,\"height\":130,\"caption\":\"Ventana Sur\"},\"image\":{\"@id\":\"https:\/\/ventana-sur.com\/#\/schema\/logo\/image\/\"},\"sameAs\":[\"https:\/\/www.facebook.com\/ventana.sur\",\"https:\/\/x.com\/ventanasur\",\"https:\/\/www.instagram.com\/ventana.sur\/\"]}]}<\/script>\n<!-- \/ Yoast SEO plugin. -->","yoast_head_json":{"title":"Newsletter Diario. D\u00eda 3 - Ventana Sur","robots":{"index":"index","follow":"follow","max-snippet":"max-snippet:-1","max-image-preview":"max-image-preview:large","max-video-preview":"max-video-preview:-1"},"canonical":"https:\/\/ventana-sur.com\/en\/newsletter-diario-dia-3\/","og_locale":"en_US","og_type":"article","og_title":"Newsletter Diario. D\u00eda 3 - Ventana Sur","og_description":"[vc_row][vc_column][vc_column_text css=&#8221;&#8221;] MI\u00c9RCOLES, 3 DE DICIEMBRE | WEDNESDAY, DECEMBER 3 [\/vc_column_text][vc_column_text css=&#8221;&#8221;] Para ver la programaci\u00f3n completa haz clic aqu\u00ed. |\u00a0For the full program click\u00a0here. [\/vc_column_text][vc_column_text css=&#8221;&#8221;] DESTACADOS DEL D\u00cdA 3 | CHECK THE DAY 3 HIGHLIGHTS! [\/vc_column_text][vc_column_text css=&#8221;&#8221;]COPIA FINAL La selecci\u00f3n Copia Final, seis pel\u00edculas,\u00a0 en un proceso m\u00e1s avanzado en su producci\u00f3n est\u00e1n dirigidas a Agentes de venta y distribuci\u00f3n, Festivales Internacionales y tambi\u00e9n a empresas de servicios\u00a0 de producci\u00f3n en etapas de finalizacion de la pel\u00edcula. | [&hellip;]","og_url":"https:\/\/ventana-sur.com\/en\/newsletter-diario-dia-3\/","og_site_name":"Ventana Sur","article_publisher":"https:\/\/www.facebook.com\/ventana.sur","og_image":[{"width":2500,"height":1406,"url":"https:\/\/ventana-sur.com\/wp-content\/uploads\/2025\/09\/VS_FINAL_septiembre-.jpg","type":"image\/jpeg"}],"twitter_card":"summary_large_image","twitter_site":"@ventanasur","schema":{"@context":"https:\/\/schema.org","@graph":[{"@type":"WebPage","@id":"https:\/\/ventana-sur.com\/en\/newsletter-diario-dia-3\/","url":"https:\/\/ventana-sur.com\/en\/newsletter-diario-dia-3\/","name":"Newsletter Diario. D\u00eda 3 - Ventana Sur","isPartOf":{"@id":"https:\/\/ventana-sur.com\/#website"},"datePublished":"2025-12-02T13:07:27+00:00","breadcrumb":{"@id":"https:\/\/ventana-sur.com\/en\/newsletter-diario-dia-3\/#breadcrumb"},"inLanguage":"en-US","potentialAction":[{"@type":"ReadAction","target":["https:\/\/ventana-sur.com\/en\/newsletter-diario-dia-3\/"]}]},{"@type":"BreadcrumbList","@id":"https:\/\/ventana-sur.com\/en\/newsletter-diario-dia-3\/#breadcrumb","itemListElement":[{"@type":"ListItem","position":1,"name":"Portada","item":"https:\/\/ventana-sur.com\/en\/"},{"@type":"ListItem","position":2,"name":"Newsletter Diario. D\u00eda 3"}]},{"@type":"WebSite","@id":"https:\/\/ventana-sur.com\/#website","url":"https:\/\/ventana-sur.com\/","name":"Ventana Sur","description":"Latam Audiovisual Market","publisher":{"@id":"https:\/\/ventana-sur.com\/#organization"},"potentialAction":[{"@type":"SearchAction","target":{"@type":"EntryPoint","urlTemplate":"https:\/\/ventana-sur.com\/?s={search_term_string}"},"query-input":{"@type":"PropertyValueSpecification","valueRequired":true,"valueName":"search_term_string"}}],"inLanguage":"en-US"},{"@type":"Organization","@id":"https:\/\/ventana-sur.com\/#organization","name":"Ventana Sur","alternateName":"VS","url":"https:\/\/ventana-sur.com\/","logo":{"@type":"ImageObject","inLanguage":"en-US","@id":"https:\/\/ventana-sur.com\/#\/schema\/logo\/image\/","url":"https:\/\/ventana-sur.com\/wp-content\/uploads\/2019\/08\/logo-vs-2019-dark.jpg","contentUrl":"https:\/\/ventana-sur.com\/wp-content\/uploads\/2019\/08\/logo-vs-2019-dark.jpg","width":130,"height":130,"caption":"Ventana Sur"},"image":{"@id":"https:\/\/ventana-sur.com\/#\/schema\/logo\/image\/"},"sameAs":["https:\/\/www.facebook.com\/ventana.sur","https:\/\/x.com\/ventanasur","https:\/\/www.instagram.com\/ventana.sur\/"]}]}},"_links":{"self":[{"href":"https:\/\/ventana-sur.com\/en\/wp-json\/wp\/v2\/pages\/19356","targetHints":{"allow":["GET"]}}],"collection":[{"href":"https:\/\/ventana-sur.com\/en\/wp-json\/wp\/v2\/pages"}],"about":[{"href":"https:\/\/ventana-sur.com\/en\/wp-json\/wp\/v2\/types\/page"}],"author":[{"embeddable":true,"href":"https:\/\/ventana-sur.com\/en\/wp-json\/wp\/v2\/users\/13"}],"replies":[{"embeddable":true,"href":"https:\/\/ventana-sur.com\/en\/wp-json\/wp\/v2\/comments?post=19356"}],"version-history":[{"count":1,"href":"https:\/\/ventana-sur.com\/en\/wp-json\/wp\/v2\/pages\/19356\/revisions"}],"predecessor-version":[{"id":19357,"href":"https:\/\/ventana-sur.com\/en\/wp-json\/wp\/v2\/pages\/19356\/revisions\/19357"}],"wp:attachment":[{"href":"https:\/\/ventana-sur.com\/en\/wp-json\/wp\/v2\/media?parent=19356"}],"curies":[{"name":"wp","href":"https:\/\/api.w.org\/{rel}","templated":true}]}}