{"id":19188,"date":"2025-11-30T12:04:08","date_gmt":"2025-11-30T15:04:08","guid":{"rendered":"https:\/\/ventana-sur.com\/newsletter-diario-dia-1\/"},"modified":"2025-12-01T18:44:53","modified_gmt":"2025-12-01T21:44:53","slug":"newsletter-diario-dia-1","status":"publish","type":"page","link":"https:\/\/ventana-sur.com\/en\/newsletter-diario-dia-1\/","title":{"rendered":"Newsletter Diario. D\u00eda 1"},"content":{"rendered":"<div class=\"wpb-content-wrapper\"><p>[vc_row][vc_column][vc_column_text css=&#8221;&#8221;]<\/p>\n<p style=\"text-align: left;\"><strong>LUNES, 1 DE DICIEMBRE | <em>MONDAY, DECEMBER 1<\/em><\/strong><\/p>\n<p>[\/vc_column_text][vc_column_text css=&#8221;&#8221;]<\/p>\n<p style=\"text-align: center;\"><strong>BIENVENIDOS A UNA NUEVA EDICI\u00d3N DE <a style=\"text-decoration: underline;\" href=\"https:\/\/ventana-sur.com\/\" target=\"_blank\" rel=\"noopener\">VENTANA SUR<\/a><\/strong><\/p>\n<p style=\"text-align: center;\"><em><strong>WELCOME TO A NEW EDITION OF <a style=\"text-decoration: underline;\" href=\"https:\/\/ventana-sur.com\/\" target=\"_blank\" rel=\"noopener\">VENTANA SUR<\/a><a style=\"text-decoration: underline;\" href=\"https:\/\/www.ventana-sur.com\/\" target=\"_blank\" rel=\"noopener\">\u00a0<\/a><\/strong><\/em><\/p>\n<p>[\/vc_column_text][vc_column_text css=&#8221;&#8221;]<\/p>\n<h6 style=\"text-align: center;\"><strong>Para ver la programaci\u00f3n completa haz clic <a style=\"text-decoration: underline;\" href=\"https:\/\/ventana-sur.com\/en\/catalogo-2025\/\" target=\"_blank\" rel=\"noopener\">aqu\u00ed<\/a>. | <\/strong><em><strong>For the full program click\u00a0<a style=\"text-decoration: underline;\" href=\"https:\/\/ventana-sur.com\/en\/catalogo-2025\/\" target=\"_blank\" rel=\"noopener\">here<\/a>.<\/strong><\/em><\/h6>\n<p>[\/vc_column_text][vc_column_text css=&#8221;&#8221;]<\/p>\n<p style=\"text-align: center;\"><strong>DESTACADOS DEL D\u00cdA | <em>CHECK THE HIGHLIGHTS!<\/em><\/strong><\/p>\n<p>[\/vc_column_text][vc_column_text css=&#8221;&#8221;]<\/p>\n<p style=\"text-align: left;\"><strong>PRIMER CORTE<\/strong><br \/>\nLas seis pel\u00edculas seleccionadas en Primer Corte tendr\u00e1n su exhibici\u00f3n en sala, destinadas a productores, agentes de ventas y distribuci\u00f3n y empresas de servicios de \u00a0posproducci\u00f3n. | <em>The six films selected for Primer Corte will have a theatrical screening, aimed at producers, sales and distribution agents, and post-production service companies.<\/em><br \/>\n<strong>15:30, 17:30 \/ 9:30, 11:30 &#8211; 15:30 y 17:30 h<\/strong><br \/>\n<strong>Piso 6 &#8211; Cine 1<\/strong><\/p>\n<p>[\/vc_column_text][vc_separator css=&#8221;&#8221;][vc_column_text css=&#8221;&#8221;]<strong>FANTASTIC!<\/strong><\/p>\n<p><strong>ZONA OSCURA: LITERATURA DE G\u00c9NERO Y CREACI\u00d3N AUDIOVISUAL | <em>Genre Literature and Audiovisual Creation<\/em><\/strong><br \/>\nEspacio que conecta la literatura independiente latinoamericana de terror, policial y fant\u00e1stico con la industria audiovisual. Presenta obras con potencial de adaptaci\u00f3n y promueve el encuentro entre autorxs, editoriales y productoras. | <em>A space connecting Latin American independent horror, crime, and fantasy literature with the audiovisual industry. It showcases works with adaptation potential and promotes collaboration between authors, publishers, and producers.<\/em><strong><br \/>\n17 a 19 h<br \/>\nVentana LAB!<\/strong><\/p>\n<p>CASO DE ESTUDIO DE LA PANTALLA AL MERCADO: GATILLERO | <em>Screen-to-market case study: Gunman<\/em><br \/>\n<span style=\"font-family: inherit; background-color: transparent;\">Speakers: Cris Tapia Marchiori , d<\/span>irector Pablo Udenio, producer Dukkah<br \/>\nModerator: Ezequiel Boetti &#8211; Periodista | <em>journalist <\/em>&#8211; P\u00e1gina 12<br \/>\n<strong>14 a 15 h<br \/>\nAUDITORIO 3, 5to Piso<\/strong>[\/vc_column_text][vc_separator css=&#8221;&#8221;][vc_column_text css=&#8221;&#8221;]<strong>INDUSTRY<\/strong><\/p>\n<p>FONDOS DE PROMOCI\u00d3N NACIONALES PARA EL DESARROLLO DE PRODUCCIONES Y COPRODUCCIONES | <em>National promotion funds for the development of productions and co-productions<\/em><br \/>\nEstado actual de los principales fondos nacionales para la producci\u00f3n y coproducci\u00f3n en Latinoam\u00e9rica | <em>Current Status of the Main National Funds for Production and Co-production in Latin America<\/em><br \/>\n<strong>17:00 a 18:00 h<br \/>\nAuditorium 2, 6to Piso<\/strong><\/p>\n<p><strong>GPS DE VENTANA SUR 2025 | <em>Ventana Sur 2025 GPS \u00a0 \u00a0<\/em><br \/>\n<\/strong>Ven a aprender c\u00f3mo sacarle el jugo a este mercado. Experimentados miembros del mundo del cine te ayudar\u00e1n a navegar Ventana Sur de la mejor manera. | <em>Come learn how to make the most out of this market. Experienced professionals from the film world will help you navigate Ventana Sur in the best possible way. \u00a0<\/em><strong><em> \u00a0<\/em><br \/>\nPanelists: <\/strong>Annabelle Aramburu Picasso, coordinator MAFIZ\/M\u00e1laga Festival; Diego Marambio, Executive Producer, Ventana Sur<strong><br \/>\n15:00 a 16:00 h<br \/>\nAuditorium 2, 6to Piso<\/strong><\/p>\n<p>EL MODELO AUDIOVISUAL DE CANARIAS. \u00a0TERRITORIO DE OPORTUNIDADES DE FINANCIACI\u00d3N | <em>The audiovisual model of the Canary Islands. Funding opportunities territory \u00a0\u00a0<\/em><strong><br \/>\nPanelists: <\/strong>Natacha Mora, Coordinator of the Canary Islands Film, Gobierno de Canarias; Lorena Mart\u00edn, technician at the Canary Islands Film, Gobierno de Canarias.<strong><br \/>\n16:00 a 17:00 h<br \/>\nAuditorium 3, 5to Piso<br \/>\n<\/strong><\/p>\n<p><strong>FONDOS DE PROMOCI\u00d3N NACIONALES PARA EL DESARROLLO DE PRODUCCIONES Y COPRODUCCIONES | <em>National promotion funds for the development of productions and co-productions<\/em><\/strong><br \/>\n<strong>Moderator<\/strong>: Ignacio Catoggio \u2013 General Coordinator, Executive Secretariat of Ibero-American Film \u2013 CAACI<br \/>\n<strong>Panelists<\/strong>: Yerko Mart\u00ednez Carrere \u2013 Film Commissioner, Film Commission Chile \/ ProChile; Morris Kachani &#8211; Executive Manager, Cinema do Brasil; Claudia Triana \u2013 General Director, Proim\u00e1genes Colombia; Mariana D\u00edaz Misurraco \u2013 Coordinator of Funds and Open Calls, ACAU; Guillermo Garma \u2013 Promotion Deputy Manager, INCAA<br \/>\n<strong>17:00 a 18:00 h \u00a0 \u00a0<\/strong><br \/>\n<strong>Auditorium 2, 6to Piso<\/strong><\/p>\n<p><strong>ENCUENTRO DE COPRODUCCI\u00d3N DEL CONO SUR | <em>Southern Cone co-production meeting \u00a0 \u00a0 \u00a0 \u00a0<\/em><br \/>\n<\/strong>Encuentro de networking entre productores | <em>Networking between producers<\/em><strong><br \/>\nActividad cerrada| <em>Closed activity<\/em><br \/>\n17:30 a 19:00 h<br \/>\nIndustry Lounge, 5to Piso<\/strong>[\/vc_column_text][vc_separator css=&#8221;&#8221;][vc_column_text css=&#8221;&#8221;]<\/p>\n<p style=\"text-align: center;\"><strong>PARA VER LOS SCREENINGS DE HOY HAZ <a style=\"text-decoration: underline;\" href=\"https:\/\/ventana-sur.com\/wp-content\/uploads\/2025\/11\/12.-Ventana-Sur-2025-SCREENINGS.pdf\" target=\"_blank\" rel=\"noopener\">CLIC AQU\u00cd<\/a> | <em>TO SEE TODAY&#8217;S SCREENINGS <a style=\"text-decoration: underline;\" href=\"https:\/\/ventana-sur.com\/wp-content\/uploads\/2025\/11\/12.-Ventana-Sur-2025-SCREENINGS.pdf\" target=\"_blank\" rel=\"noopener\">CLICK HERE<\/a>!<\/em><\/strong><\/p>\n<p>[\/vc_column_text][\/vc_column][\/vc_row]<\/p>\n<\/div>","protected":false},"excerpt":{"rendered":"<p>[vc_row][vc_column][vc_column_text css=&#8221;&#8221;] LUNES, 1 DE DICIEMBRE | MONDAY, DECEMBER 1 [\/vc_column_text][vc_column_text css=&#8221;&#8221;] BIENVENIDOS A UNA NUEVA EDICI\u00d3N DE VENTANA SUR WELCOME TO A NEW EDITION OF VENTANA SUR\u00a0 [\/vc_column_text][vc_column_text css=&#8221;&#8221;] Para ver la programaci\u00f3n completa haz clic aqu\u00ed. | For the full program click\u00a0here. [\/vc_column_text][vc_column_text css=&#8221;&#8221;] DESTACADOS DEL D\u00cdA | CHECK THE HIGHLIGHTS! [\/vc_column_text][vc_column_text css=&#8221;&#8221;] PRIMER CORTE Las seis pel\u00edculas seleccionadas en Primer Corte tendr\u00e1n su exhibici\u00f3n en sala, destinadas a productores, agentes de ventas y distribuci\u00f3n y empresas de [&hellip;]<\/p>\n","protected":false},"author":13,"featured_media":0,"parent":0,"menu_order":0,"comment_status":"closed","ping_status":"closed","template":"","meta":{"footnotes":""},"class_list":["post-19188","page","type-page","status-publish","hentry"],"yoast_head":"<!-- This site is optimized with the Yoast SEO plugin v27.1.1 - https:\/\/yoast.com\/product\/yoast-seo-wordpress\/ -->\n<title>Newsletter Diario. D\u00eda 1 - Ventana Sur<\/title>\n<meta name=\"robots\" content=\"index, follow, max-snippet:-1, max-image-preview:large, max-video-preview:-1\" \/>\n<link rel=\"canonical\" href=\"https:\/\/ventana-sur.com\/en\/newsletter-diario-dia-1\/\" \/>\n<meta property=\"og:locale\" content=\"en_US\" \/>\n<meta property=\"og:type\" content=\"article\" \/>\n<meta property=\"og:title\" content=\"Newsletter Diario. D\u00eda 1 - Ventana Sur\" \/>\n<meta property=\"og:description\" content=\"[vc_row][vc_column][vc_column_text css=&#8221;&#8221;] LUNES, 1 DE DICIEMBRE | MONDAY, DECEMBER 1 [\/vc_column_text][vc_column_text css=&#8221;&#8221;] BIENVENIDOS A UNA NUEVA EDICI\u00d3N DE VENTANA SUR WELCOME TO A NEW EDITION OF VENTANA SUR\u00a0 [\/vc_column_text][vc_column_text css=&#8221;&#8221;] Para ver la programaci\u00f3n completa haz clic aqu\u00ed. | For the full program click\u00a0here. [\/vc_column_text][vc_column_text css=&#8221;&#8221;] DESTACADOS DEL D\u00cdA | CHECK THE HIGHLIGHTS! [\/vc_column_text][vc_column_text css=&#8221;&#8221;] PRIMER CORTE Las seis pel\u00edculas seleccionadas en Primer Corte tendr\u00e1n su exhibici\u00f3n en sala, destinadas a productores, agentes de ventas y distribuci\u00f3n y empresas de [&hellip;]\" \/>\n<meta property=\"og:url\" content=\"https:\/\/ventana-sur.com\/en\/newsletter-diario-dia-1\/\" \/>\n<meta property=\"og:site_name\" content=\"Ventana Sur\" \/>\n<meta property=\"article:publisher\" content=\"https:\/\/www.facebook.com\/ventana.sur\" \/>\n<meta property=\"article:modified_time\" content=\"2025-12-01T21:44:53+00:00\" \/>\n<meta property=\"og:image\" content=\"https:\/\/ventana-sur.com\/wp-content\/uploads\/2025\/09\/VS_FINAL_septiembre-.jpg\" \/>\n\t<meta property=\"og:image:width\" content=\"2500\" \/>\n\t<meta property=\"og:image:height\" content=\"1406\" \/>\n\t<meta property=\"og:image:type\" content=\"image\/jpeg\" \/>\n<meta name=\"twitter:card\" content=\"summary_large_image\" \/>\n<meta name=\"twitter:site\" content=\"@ventanasur\" \/>\n<script type=\"application\/ld+json\" class=\"yoast-schema-graph\">{\"@context\":\"https:\/\/schema.org\",\"@graph\":[{\"@type\":\"WebPage\",\"@id\":\"https:\/\/ventana-sur.com\/en\/newsletter-diario-dia-1\/\",\"url\":\"https:\/\/ventana-sur.com\/en\/newsletter-diario-dia-1\/\",\"name\":\"Newsletter Diario. D\u00eda 1 - Ventana Sur\",\"isPartOf\":{\"@id\":\"https:\/\/ventana-sur.com\/#website\"},\"datePublished\":\"2025-11-30T15:04:08+00:00\",\"dateModified\":\"2025-12-01T21:44:53+00:00\",\"breadcrumb\":{\"@id\":\"https:\/\/ventana-sur.com\/en\/newsletter-diario-dia-1\/#breadcrumb\"},\"inLanguage\":\"en-US\",\"potentialAction\":[{\"@type\":\"ReadAction\",\"target\":[\"https:\/\/ventana-sur.com\/en\/newsletter-diario-dia-1\/\"]}]},{\"@type\":\"BreadcrumbList\",\"@id\":\"https:\/\/ventana-sur.com\/en\/newsletter-diario-dia-1\/#breadcrumb\",\"itemListElement\":[{\"@type\":\"ListItem\",\"position\":1,\"name\":\"Portada\",\"item\":\"https:\/\/ventana-sur.com\/en\/\"},{\"@type\":\"ListItem\",\"position\":2,\"name\":\"Newsletter Diario. D\u00eda 1\"}]},{\"@type\":\"WebSite\",\"@id\":\"https:\/\/ventana-sur.com\/#website\",\"url\":\"https:\/\/ventana-sur.com\/\",\"name\":\"Ventana Sur\",\"description\":\"Latam Audiovisual Market\",\"publisher\":{\"@id\":\"https:\/\/ventana-sur.com\/#organization\"},\"potentialAction\":[{\"@type\":\"SearchAction\",\"target\":{\"@type\":\"EntryPoint\",\"urlTemplate\":\"https:\/\/ventana-sur.com\/?s={search_term_string}\"},\"query-input\":{\"@type\":\"PropertyValueSpecification\",\"valueRequired\":true,\"valueName\":\"search_term_string\"}}],\"inLanguage\":\"en-US\"},{\"@type\":\"Organization\",\"@id\":\"https:\/\/ventana-sur.com\/#organization\",\"name\":\"Ventana Sur\",\"alternateName\":\"VS\",\"url\":\"https:\/\/ventana-sur.com\/\",\"logo\":{\"@type\":\"ImageObject\",\"inLanguage\":\"en-US\",\"@id\":\"https:\/\/ventana-sur.com\/#\/schema\/logo\/image\/\",\"url\":\"https:\/\/ventana-sur.com\/wp-content\/uploads\/2019\/08\/logo-vs-2019-dark.jpg\",\"contentUrl\":\"https:\/\/ventana-sur.com\/wp-content\/uploads\/2019\/08\/logo-vs-2019-dark.jpg\",\"width\":130,\"height\":130,\"caption\":\"Ventana Sur\"},\"image\":{\"@id\":\"https:\/\/ventana-sur.com\/#\/schema\/logo\/image\/\"},\"sameAs\":[\"https:\/\/www.facebook.com\/ventana.sur\",\"https:\/\/x.com\/ventanasur\",\"https:\/\/www.instagram.com\/ventana.sur\/\"]}]}<\/script>\n<!-- \/ Yoast SEO plugin. -->","yoast_head_json":{"title":"Newsletter Diario. D\u00eda 1 - Ventana Sur","robots":{"index":"index","follow":"follow","max-snippet":"max-snippet:-1","max-image-preview":"max-image-preview:large","max-video-preview":"max-video-preview:-1"},"canonical":"https:\/\/ventana-sur.com\/en\/newsletter-diario-dia-1\/","og_locale":"en_US","og_type":"article","og_title":"Newsletter Diario. D\u00eda 1 - Ventana Sur","og_description":"[vc_row][vc_column][vc_column_text css=&#8221;&#8221;] LUNES, 1 DE DICIEMBRE | MONDAY, DECEMBER 1 [\/vc_column_text][vc_column_text css=&#8221;&#8221;] BIENVENIDOS A UNA NUEVA EDICI\u00d3N DE VENTANA SUR WELCOME TO A NEW EDITION OF VENTANA SUR\u00a0 [\/vc_column_text][vc_column_text css=&#8221;&#8221;] Para ver la programaci\u00f3n completa haz clic aqu\u00ed. | For the full program click\u00a0here. [\/vc_column_text][vc_column_text css=&#8221;&#8221;] DESTACADOS DEL D\u00cdA | CHECK THE HIGHLIGHTS! [\/vc_column_text][vc_column_text css=&#8221;&#8221;] PRIMER CORTE Las seis pel\u00edculas seleccionadas en Primer Corte tendr\u00e1n su exhibici\u00f3n en sala, destinadas a productores, agentes de ventas y distribuci\u00f3n y empresas de [&hellip;]","og_url":"https:\/\/ventana-sur.com\/en\/newsletter-diario-dia-1\/","og_site_name":"Ventana Sur","article_publisher":"https:\/\/www.facebook.com\/ventana.sur","article_modified_time":"2025-12-01T21:44:53+00:00","og_image":[{"width":2500,"height":1406,"url":"https:\/\/ventana-sur.com\/wp-content\/uploads\/2025\/09\/VS_FINAL_septiembre-.jpg","type":"image\/jpeg"}],"twitter_card":"summary_large_image","twitter_site":"@ventanasur","schema":{"@context":"https:\/\/schema.org","@graph":[{"@type":"WebPage","@id":"https:\/\/ventana-sur.com\/en\/newsletter-diario-dia-1\/","url":"https:\/\/ventana-sur.com\/en\/newsletter-diario-dia-1\/","name":"Newsletter Diario. D\u00eda 1 - Ventana Sur","isPartOf":{"@id":"https:\/\/ventana-sur.com\/#website"},"datePublished":"2025-11-30T15:04:08+00:00","dateModified":"2025-12-01T21:44:53+00:00","breadcrumb":{"@id":"https:\/\/ventana-sur.com\/en\/newsletter-diario-dia-1\/#breadcrumb"},"inLanguage":"en-US","potentialAction":[{"@type":"ReadAction","target":["https:\/\/ventana-sur.com\/en\/newsletter-diario-dia-1\/"]}]},{"@type":"BreadcrumbList","@id":"https:\/\/ventana-sur.com\/en\/newsletter-diario-dia-1\/#breadcrumb","itemListElement":[{"@type":"ListItem","position":1,"name":"Portada","item":"https:\/\/ventana-sur.com\/en\/"},{"@type":"ListItem","position":2,"name":"Newsletter Diario. D\u00eda 1"}]},{"@type":"WebSite","@id":"https:\/\/ventana-sur.com\/#website","url":"https:\/\/ventana-sur.com\/","name":"Ventana Sur","description":"Latam Audiovisual Market","publisher":{"@id":"https:\/\/ventana-sur.com\/#organization"},"potentialAction":[{"@type":"SearchAction","target":{"@type":"EntryPoint","urlTemplate":"https:\/\/ventana-sur.com\/?s={search_term_string}"},"query-input":{"@type":"PropertyValueSpecification","valueRequired":true,"valueName":"search_term_string"}}],"inLanguage":"en-US"},{"@type":"Organization","@id":"https:\/\/ventana-sur.com\/#organization","name":"Ventana Sur","alternateName":"VS","url":"https:\/\/ventana-sur.com\/","logo":{"@type":"ImageObject","inLanguage":"en-US","@id":"https:\/\/ventana-sur.com\/#\/schema\/logo\/image\/","url":"https:\/\/ventana-sur.com\/wp-content\/uploads\/2019\/08\/logo-vs-2019-dark.jpg","contentUrl":"https:\/\/ventana-sur.com\/wp-content\/uploads\/2019\/08\/logo-vs-2019-dark.jpg","width":130,"height":130,"caption":"Ventana Sur"},"image":{"@id":"https:\/\/ventana-sur.com\/#\/schema\/logo\/image\/"},"sameAs":["https:\/\/www.facebook.com\/ventana.sur","https:\/\/x.com\/ventanasur","https:\/\/www.instagram.com\/ventana.sur\/"]}]}},"_links":{"self":[{"href":"https:\/\/ventana-sur.com\/en\/wp-json\/wp\/v2\/pages\/19188","targetHints":{"allow":["GET"]}}],"collection":[{"href":"https:\/\/ventana-sur.com\/en\/wp-json\/wp\/v2\/pages"}],"about":[{"href":"https:\/\/ventana-sur.com\/en\/wp-json\/wp\/v2\/types\/page"}],"author":[{"embeddable":true,"href":"https:\/\/ventana-sur.com\/en\/wp-json\/wp\/v2\/users\/13"}],"replies":[{"embeddable":true,"href":"https:\/\/ventana-sur.com\/en\/wp-json\/wp\/v2\/comments?post=19188"}],"version-history":[{"count":6,"href":"https:\/\/ventana-sur.com\/en\/wp-json\/wp\/v2\/pages\/19188\/revisions"}],"predecessor-version":[{"id":19302,"href":"https:\/\/ventana-sur.com\/en\/wp-json\/wp\/v2\/pages\/19188\/revisions\/19302"}],"wp:attachment":[{"href":"https:\/\/ventana-sur.com\/en\/wp-json\/wp\/v2\/media?parent=19188"}],"curies":[{"name":"wp","href":"https:\/\/api.w.org\/{rel}","templated":true}]}}